{"id":488,"date":"2020-04-02T10:52:50","date_gmt":"2020-04-02T10:52:50","guid":{"rendered":"https:\/\/www.hasso-rentacar.com\/por-que-hasso\/"},"modified":"2024-02-19T13:03:41","modified_gmt":"2024-02-19T13:03:41","slug":"vorteile","status":"publish","type":"page","link":"https:\/\/www.hasso-rentacar.com\/de\/vorteile\/","title":{"rendered":"Warum Hasso?"},"content":{"rendered":"<form class=\"blocks__booking-form__item\"  action=\"https:\/\/booking.hasso-rentacar.com\/de\/rentacar\/listmodels\/\" method=\"GET\">\n  <div class=\"blocks__booking-form__item__container\">\n    <div class=\"blocks__booking-form__item__field blocks__booking-form__item__field--location\">\n      <span> Ort <\/span>\n      <select class=\"location\">\n        <option value=\"Mallorca\">Mallorca Airport<\/option> \n      <\/select>\n    <\/div>\n    <div class=\"blocks__booking-form__item__field blocks__booking-form__item__field--datepicker\">\n      <span> Abholung\n <\/span>\n      <img decoding=\"async\" src=\"https:\/\/www.hasso-rentacar.com\/wp-content\/themes\/hasso-sage\/dist\/images\/calendar-icon_35feb9e3.png\"\/>\n      <input\n        class=\"date_start\"\n        type=\"text\"\n        name=\"recogida_fecha\"\n        autocomplete=\"off\"\n        placeholder=\"Fecha\"\n\tonkeydown=\"event.preventDefault()\"\n      required \/>\n      <input\n        class=\"date_start_hour readonly\"\n        type=\"text\"\n        name=\"recogida_hora\"        \n\tautocomplete=\"off\"\n\tplaceholder=\"Stunde\"\n\tonkeydown=\"event.preventDefault()\"\n\trequired\n\t\/>\n    <\/div>\n    <div class=\"blocks__booking-form__item__field blocks__booking-form__item__field--datepicker\">\n      <span>R\u00fcckgabe\n\n\n<\/span>\n      <img decoding=\"async\" src=\"https:\/\/www.hasso-rentacar.com\/wp-content\/themes\/hasso-sage\/dist\/images\/calendar-icon_35feb9e3.png\"\/>\n      <input\n        class=\"date_end\"\n        type=\"text\"\n        name=\"devolucion_fecha\"\n        autocomplete=\"off\"\n        placeholder=\"Fecha\"\n     \tonkeydown=\"event.preventDefault()\"\n\trequired \/>\n      <input\n        class=\"date_end_hour readonly\"\n        type=\"text\"\n        name=\"devolucion_hora\"\n\trequired\n\tautocomplete=\"off\"\n        onkeydown=\"event.preventDefault()\"\n\tplaceholder=\"Stunde\"\n       \/>\n    <\/div>\n    <div class=\"blocks__booking-form__item__field blocks__booking-form__item__field--promocode\">\n\n      <div class=\"blocks__booking-form__item__field__checkbox blocks__booking-form__item__field__checkbox--slim\">\n        <label>\n            <input type=\"checkbox\" required\/>\n            <span class=\"custom-checkbox\"><\/span>\n            Fahreralter +21\n\n\n\n\n        <\/label>\n      <\/div>\n    \n      <img decoding=\"async\" src=\"https:\/\/www.hasso-rentacar.com\/wp-content\/themes\/hasso-sage\/dist\/images\/promo-icon_0e9d8368.png\"\/>\n      <input\n        type=\"text\"\n        name=\"promoCode\"\n        placeholder=\"Promo-Code\"\n      \/>\n    <\/div>\n    <input class=\"input--with-text\" type=\"submit\" value=\"Buchen\"\/>\n    <input class=\"input--with-icon\" type=\"submit\" value=\"\"\/>\n\n    <div class=\"blocks__booking-form__item__field__checkbox blocks__booking-form__item__field__checkbox--no-slim\">\n      <label>\n          <input type=\"checkbox\" required\/>\n          <span class=\"custom-checkbox\"><\/span>\n              Ich bin \u00fcber 21 Jahre alt und seit mindestens 1 Jahr im Besitz eines g\u00fcltigen F\u00fchrerscheins.\n      <\/label>\n    <\/div>\n  <\/div>\n<\/form>\n\n\n\n<div style=\"height:20px\" aria-hidden=\"true\" class=\"wp-block-spacer\"><\/div>\n\n\n\n<div class=\"wp-block-columns are-vertically-aligned-center menu-secundario has-blue-700-background-color has-background m-0 is-layout-flex wp-container-core-columns-is-layout-9d6595d7 wp-block-columns-is-layout-flex\">\n<div class=\"wp-block-column is-vertically-aligned-center has-blue-700-background-color has-background p-0 is-layout-flow wp-block-column-is-layout-flow\" style=\"flex-basis:100%\">\n<figure class=\"wp-block-image aligncenter size-large inline-block opacity\"><a href=\"#ofertas\" rel=\"ofertas\"><img loading=\"lazy\" decoding=\"async\" width=\"36\" height=\"46\" src=\"https:\/\/www.hasso-rentacar.com\/wp-content\/uploads\/2020\/04\/Group-202.svg\" alt=\"\" class=\"wp-image-281\"\/><\/a><figcaption class=\"wp-element-caption\">ANGEBOTE<\/figcaption><\/figure>\n\n\n\n<figure class=\"wp-block-image aligncenter size-large inline-block opacity\"><a class=\"ventajas\" href=\"#ventajas\" rel=\"ventajas\"><img loading=\"lazy\" decoding=\"async\" width=\"39\" height=\"54\" src=\"https:\/\/www.hasso-rentacar.com\/wp-content\/uploads\/2020\/04\/Group-203.svg\" alt=\"\" class=\"wp-image-282\"\/><\/a><figcaption class=\"wp-element-caption\">VORTEILE<\/figcaption><\/figure>\n<\/div>\n<\/div>\n\n\n\n<div style=\"height:45px\" aria-hidden=\"true\" class=\"wp-block-spacer\"><\/div>\n\n\n\n<h1 class=\"has-text-align-center has-large-font-size wp-block-heading\" id=\"ofertas\">Mietwagenangebote auf Mallorca<\/h1>\n\n\n\n<h2 class=\"has-text-align-center has-medium-font-size wp-block-heading\">\u2014 HASSO Rent a Car \u2014<\/h2>\n\n\n\n<div style=\"height:45px\" aria-hidden=\"true\" class=\"wp-block-spacer\"><\/div>\n\n\n\n<h2 class=\"has-text-align-left wp-block-heading\" style=\"font-size:27px\">Autovermietung auf Mallorca zum besten preis<\/h2>\n\n\n\n<p class=\"has-text-align-left\" style=\"font-size:18px\">Hasso Rent a Car ist ein f\u00fchrendes <strong>Unternehmen im Bereich der Autovermietung auf Mallorca<\/strong>, mit mehr als 60 Jahren Erfahrung in diesem Sektor. Wir setzen uns t\u00e4glich daf\u00fcr ein, den besten <strong>Mietwagenservice in Palma de Mallorca<\/strong> zu bieten, indem wir eine gro\u00dfe Auswahl an hochwertigen und modernen Fahrzeugen zu hervorragenden Preisen bereitstellen. In der Tat k\u00f6nnen wir exklusive Rabatte bei der Anmietunge von mehr als 7 Tagen anbieter.<br>Unsere <strong>Mietwagenangebote in Mallorca<\/strong> zeichnen sich nicht nur durch ihre wettbewerbsf\u00e4higen Preise, sondern auch durch ihren hervorragenden Kundenservice aus. Unser Kundendienst steht 24 Stunden am Tag zur Verf\u00fcgung und begleitet unsere Kunden von dem Moment an, in dem sie unsere Website betreten, bis zur R\u00fcckgabe des Fahrzeugs in unseren B\u00fcros. Kurz gesagt, wenn Sie an <strong>Mietwagenangeboten ab Flughafen von Palma de Mallorca<\/strong> interessiert sind, werden Sie bei Hasso alles finden, was Sie suchen.<\/p>\n\n\n\n<h2 class=\"has-text-align-left wp-block-heading\" style=\"font-size:27px\">Mietwagenangebot auf Mallorca<\/h2>\n\n\n\n<p class=\"has-text-align-left\" style=\"font-size:18px\">Als die f\u00fchrende <strong>Autovermietung auf Mallorca<\/strong> sind wir bestrebt, einen erstklassigen Service zu bieten. Unser Ziel ist es, alle Bed\u00fcrfnisse unserer Kunden zu erf\u00fcllen, damit sie ihren Urlaub in vollen Z\u00fcgen genie\u00dfen k\u00f6nnen. Aus diesem Grund verf\u00fcgen wir \u00fcber Fahrzeuge der neuesten Generation, die gut gewartet und mit der neuesten Technologie ausgestattet sind, und das alles zu den g\u00fcnstigsten Preisen auf dem Markt! Denn wir sind uns bewusst, dass man im Urlaub Geld sparen muss. Pr\u00fcfen Sie unsere Flotte und erhalten Sie den besten Preis f\u00fcr Ihren <strong>Mietwagen<\/strong>.<\/p>\n\n\n\n<div class=\"wp-block-group has-blue-background-color has-background is-layout-constrained wp-block-group-is-layout-constrained\">\n<div class=\"wp-block-columns is-layout-flex wp-container-core-columns-is-layout-9d6595d7 wp-block-columns-is-layout-flex\">\n<div class=\"wp-block-column is-layout-flow wp-block-column-is-layout-flow\">\n<figure class=\"wp-block-image size-large\"><img decoding=\"async\" src=\"https:\/\/www.hasso-rentacar.com\/wp-content\/uploads\/2023\/02\/Hyundai-i10-HASSO-1-1024x557.png\" alt=\"\" class=\"wp-image-2624\"\/><\/figure>\n\n\n\n<p class=\"has-text-align-center has-white-color has-text-color has-large-font-size\">HYUNDAI i10<\/p>\n\n\n\n<p class=\"has-text-align-center has-white-color has-text-color\">MANUELL<br>4 FAHRG\u00c4STE<br>5 T\u00dcREN<\/p>\n<\/div>\n\n\n\n<div class=\"wp-block-column is-layout-flow wp-block-column-is-layout-flow\">\n<figure class=\"wp-block-image size-large\"><img loading=\"lazy\" decoding=\"async\" width=\"1024\" height=\"557\" src=\"https:\/\/www.hasso-rentacar.com\/wp-content\/uploads\/2022\/07\/CITROEN_C3-1024x557.png\" alt=\"\" class=\"wp-image-1719\" srcset=\"https:\/\/www.hasso-rentacar.com\/wp-content\/uploads\/2022\/07\/CITROEN_C3-1024x557.png 1024w, https:\/\/www.hasso-rentacar.com\/wp-content\/uploads\/2022\/07\/CITROEN_C3-300x163.png 300w, https:\/\/www.hasso-rentacar.com\/wp-content\/uploads\/2022\/07\/CITROEN_C3-600x326.png 600w, https:\/\/www.hasso-rentacar.com\/wp-content\/uploads\/2022\/07\/CITROEN_C3-768x418.png 768w, https:\/\/www.hasso-rentacar.com\/wp-content\/uploads\/2022\/07\/CITROEN_C3-1536x835.png 1536w, https:\/\/www.hasso-rentacar.com\/wp-content\/uploads\/2022\/07\/CITROEN_C3.png 1679w\" sizes=\"auto, (max-width: 1024px) 100vw, 1024px\" \/><\/figure>\n\n\n\n<p class=\"has-text-align-center has-white-color has-text-color has-large-font-size\"><strong>CITRO\u00cbN C3<\/strong><\/p>\n\n\n\n<p class=\"has-text-align-center has-white-color has-text-color\">MANUELL<br>5 FAHRG\u00c4STE<br>5 T\u00dcREN<\/p>\n<\/div>\n\n\n\n<div class=\"wp-block-column is-layout-flow wp-block-column-is-layout-flow\">\n<figure class=\"wp-block-image size-large\"><img decoding=\"async\" src=\"https:\/\/www.hasso-rentacar.com\/wp-content\/uploads\/2023\/02\/PEUGEOT-2008-HASSO-1024x521.png\" alt=\"\" class=\"wp-image-2633\"\/><\/figure>\n\n\n\n<p class=\"has-text-align-center has-white-color has-text-color has-large-font-size\">PEUGEOT 2008<\/p>\n\n\n\n<p class=\"has-text-align-center has-white-color has-text-color\">AUTOMATISCH<br>5 FAHRG\u00c4STE<br>5 T\u00dcREN<\/p>\n<\/div>\n<\/div>\n\n\n\n<div class=\"wp-block-buttons is-content-justification-center is-layout-flex wp-container-core-buttons-is-layout-16018d1d wp-block-buttons-is-layout-flex\">\n<div class=\"wp-block-button has-custom-font-size has-medium-font-size\"><a class=\"wp-block-button__link has-white-color has-blue-700-background-color has-text-color has-background wp-element-button\" href=\"https:\/\/www.hasso-rentacar.com\/de\/flotte\/\" style=\"border-radius:20px\"><strong>ALLE FAHRZEUGE ENTDECKEN<\/strong><\/a><\/div>\n<\/div>\n\n\n\n<div style=\"height:71px\" aria-hidden=\"true\" class=\"wp-block-spacer\"><\/div>\n<\/div>\n\n\n\n<p class=\"\"><br><\/p>\n\n\n\n<h2 class=\"has-text-align-center ventajas has-large-font-size wp-block-heading\" id=\"ventajas\">Vorteile eines Mietwagens mit HASSO auf Mallorca<\/h2>\n\n\n\n<div style=\"height:45px\" aria-hidden=\"true\" class=\"wp-block-spacer\"><\/div>\n\n\n\n<h2 class=\"has-text-align-left wp-block-heading\" style=\"font-size:27px\">Wareum ein Auto auf Mallorca mit HASSO mieten?<\/h2>\n\n\n\n<p class=\"has-text-align-left\" style=\"font-size:18px\">Eine Reise nach Mallorca kann f\u00fcr Reisende die auf der Suche nach einem exotischen Urlaub sind, kann&nbsp; es ein unglaubliches Erlebnis sein. Aber die Insel ist nicht dasselbe, wenn man nicht die Freiheit hat, jeden Winkel dieser Insel mit dem Auto zu besuchen. Deshalb ist die Anmietung eines Autos bei Hasso eine gute M\u00f6glichkeit, das Beste aus Ihrem Urlaub zu machen.<br>Unsere Autovermietung, mit Sitz in Palma de Mallorca, bietet unseren Kunden eine Vielzahl von Vorteilen. Hier sind einige der wichtigsten Vorteile der Anmietung eines Autos mit Hasso:<\/p>\n\n\n\n<div class=\"wp-block-columns full is-layout-flex wp-container-core-columns-is-layout-9d6595d7 wp-block-columns-is-layout-flex\" id=\"ventajas\">\n<div class=\"wp-block-column is-layout-flow wp-block-column-is-layout-flow\">\n<div class=\"wp-block-hasso-hero blocks__hero hero pb-0 is-style-content-bottom container--full hidden--sm\" style=\"background-image:url(https:\/\/www.hasso-rentacar.com\/wp-content\/uploads\/2021\/08\/hasso_fondo.png)\" bb=\"background\" bb-id=\"1262\" bb-url=\"https:\/\/www.hasso-rentacar.com\/wp-content\/uploads\/2021\/08\/hasso_fondo.png\"><div class=\"blocks__hero__content\">\n<div class=\"wp-block-columns pb-0 mb-0 is-layout-flex wp-container-core-columns-is-layout-9d6595d7 wp-block-columns-is-layout-flex\">\n<div class=\"wp-block-column pb-0 is-layout-flow wp-block-column-is-layout-flow\">\n<figure class=\"wp-block-image size-large is-resized is-style-default pb-0 mb-0\"><img loading=\"lazy\" decoding=\"async\" src=\"https:\/\/www.hasso-rentacar.com\/wp-content\/uploads\/2021\/07\/Por_que_HASSO_CHICA_ilustrada.png\" alt=\"\" class=\"wp-image-941\" width=\"302\" height=\"382\" srcset=\"https:\/\/www.hasso-rentacar.com\/wp-content\/uploads\/2021\/07\/Por_que_HASSO_CHICA_ilustrada.png 604w, https:\/\/www.hasso-rentacar.com\/wp-content\/uploads\/2021\/07\/Por_que_HASSO_CHICA_ilustrada-300x379.png 300w, https:\/\/www.hasso-rentacar.com\/wp-content\/uploads\/2021\/07\/Por_que_HASSO_CHICA_ilustrada-600x758.png 600w, https:\/\/www.hasso-rentacar.com\/wp-content\/uploads\/2021\/07\/Por_que_HASSO_CHICA_ilustrada-237x300.png 237w\" sizes=\"auto, (max-width: 302px) 100vw, 302px\" \/><\/figure>\n<\/div>\n\n\n\n<div class=\"wp-block-column is-layout-flow wp-block-column-is-layout-flow\">\n<p class=\"has-white-color has-text-color\" style=\"font-size:18px\"><strong>G\u00fcnstige Mietwagenpreise.<\/strong><\/p>\n\n\n\n<p class=\"has-white-color has-text-color\" style=\"font-size:18px\"><strong><strong>Personalisierte Anmietung. Sie w\u00e4hlen die Extras, die Sie ben\u00f6tigen.<\/strong><\/strong><\/p>\n\n\n\n<p class=\"has-white-color has-text-color\" style=\"font-size:18px\"><strong>Neue Fahrzeuge in perfektem Zustand.<\/strong><\/p>\n\n\n\n<p class=\"has-white-color has-text-color\" style=\"font-size:18px\"><strong>Flexibler Miettarife.<\/strong><\/p>\n\n\n\n<p class=\"has-white-color has-text-color\" style=\"font-size:18px\"><strong><strong>Qualit\u00e4t, Zuverl\u00e4ssigkeit und Transparenz.<\/strong><\/strong><\/p>\n<\/div>\n<\/div>\n\n\n\n<p class=\"\"><\/p>\n<\/div><\/div>\n<\/div>\n<\/div>\n\n\n\n<div class=\"wp-block-hasso-hero blocks__hero hero pb-0 is-style-content-bottom container--full hidden--md hidden--lg hidden--xl\" style=\"background-image:url(https:\/\/www.hasso-rentacar.com\/wp-content\/uploads\/2021\/07\/Por_que_HASSO_FONDO_CHICA_ilustrada_oscuro.png)\" bb=\"background\" bb-id=\"938\" bb-url=\"https:\/\/www.hasso-rentacar.com\/wp-content\/uploads\/2021\/07\/Por_que_HASSO_FONDO_CHICA_ilustrada_oscuro.png\"><div class=\"blocks__hero__content\">\n<div class=\"wp-block-columns pb-0 mb-0 is-layout-flex wp-container-core-columns-is-layout-9d6595d7 wp-block-columns-is-layout-flex\">\n<div class=\"wp-block-column pb-0 is-layout-flow wp-block-column-is-layout-flow\">\n<p class=\"has-white-color has-text-color\" style=\"font-size:18px\"><strong>G\u00fcnstige Mietwagenpreise.<\/strong><\/p>\n\n\n\n<p class=\"has-white-color has-text-color\" style=\"font-size:18px\"><strong><strong>Personalisierte Anmietung. Sie w\u00e4hlen die Extras, die Sie ben\u00f6tigen.<\/strong><\/strong><\/p>\n\n\n\n<p class=\"has-white-color has-text-color\" style=\"font-size:18px\"><strong>Neue Fahrzeuge in perfektem Zustand.<\/strong><\/p>\n\n\n\n<p class=\"has-white-color has-text-color\" style=\"font-size:18px\"><strong>Flexibler Miettarife.<\/strong><\/p>\n\n\n\n<p class=\"has-white-color has-text-color\" style=\"font-size:18px\"><strong><strong>Qualit\u00e4t, Zuverl\u00e4ssigkeit und Transparenz.<\/strong><\/strong><\/p>\n<\/div>\n\n\n\n<div class=\"wp-block-column is-layout-flow wp-block-column-is-layout-flow\">\n<figure class=\"wp-block-image size-large is-style-default pb-0 mb-0\"><img loading=\"lazy\" decoding=\"async\" width=\"604\" height=\"763\" src=\"https:\/\/www.hasso-rentacar.com\/wp-content\/uploads\/2021\/07\/Por_que_HASSO_CHICA_ilustrada.png\" alt=\"\" class=\"wp-image-941\" srcset=\"https:\/\/www.hasso-rentacar.com\/wp-content\/uploads\/2021\/07\/Por_que_HASSO_CHICA_ilustrada.png 604w, https:\/\/www.hasso-rentacar.com\/wp-content\/uploads\/2021\/07\/Por_que_HASSO_CHICA_ilustrada-300x379.png 300w, https:\/\/www.hasso-rentacar.com\/wp-content\/uploads\/2021\/07\/Por_que_HASSO_CHICA_ilustrada-600x758.png 600w, https:\/\/www.hasso-rentacar.com\/wp-content\/uploads\/2021\/07\/Por_que_HASSO_CHICA_ilustrada-237x300.png 237w\" sizes=\"auto, (max-width: 604px) 100vw, 604px\" \/><\/figure>\n<\/div>\n<\/div>\n<\/div><\/div>\n\n\n\n<p class=\"has-text-align-center\" style=\"font-size:18px\"><br>Kurz gesagt, mit Hasso Rent a Car erhalten Sie den besten Service, den besten Preis und die beste Fahrzeugflotte. Buchen Sie Ihren <strong>Mietwagen auf Mallorca<\/strong> bei uns und genie\u00dfen Sie die Vorteile des Reisens mit Hasso!<\/p>\n\n\n\n<div style=\"height:25px\" aria-hidden=\"true\" class=\"wp-block-spacer\"><\/div>\n\n\n\n<hr class=\"wp-block-separator has-text-color has-blue-color has-alpha-channel-opacity has-blue-background-color has-background is-style-wide\"\/>\n\n\n\n<div style=\"height:25px\" aria-hidden=\"true\" class=\"wp-block-spacer\"><\/div>\n\n\n\n<h2 class=\"has-text-align-center has-blue-color has-text-color wp-block-heading\" style=\"font-size:27px\">Preis, Flexibilit\u00e4t, Qualit\u00e4t, Zuverl\u00e4ssigkeit und Transparenz<\/h2>\n\n\n\n<p class=\"has-text-align-center\" style=\"font-size:18px\">Dies sind die f\u00fcnf S\u00e4ulen, auf denen HASSO ein Angebot aufbaut, das es in der Branche zu dem g\u00fcnstigen Autovermietung auf Mallorca einzigartig macht.<\/p>\n\n\n\n<div style=\"height:25px\" aria-hidden=\"true\" class=\"wp-block-spacer\"><\/div>\n\n\n\n<hr class=\"wp-block-separator has-text-color has-blue-color has-alpha-channel-opacity has-blue-background-color has-background is-style-wide\"\/>\n\n\n\n<div style=\"height:25px\" aria-hidden=\"true\" class=\"wp-block-spacer\"><\/div>\n\n\n\n<h2 class=\"has-text-align-center wp-block-heading\" style=\"font-size:27px\">Grosse Vorteile von HASSO<\/h2>\n\n\n\n<p class=\"has-text-align-center\" style=\"font-size:18px\"><strong>1. LOW COST Autovermietung Preise. <\/strong><br>Mieten Sie einen Berlina, ein Cabrio oder einen SUV zum besten Preis.<\/p>\n\n\n\n<p class=\"has-text-align-center\" style=\"font-size:18px\"><strong>2. W\u00e4hlen Sie Ihre EXTRAS. <\/strong><br>Flexibler Service bei der Abdeckung Ihres Mietwagens. Verabschieden Sie sich von Preispaketen mit Dingen, die Sie nicht brauchen, und genie\u00dfen Sie Ihren individuellen Mietwagen auf Mallorca.<\/p>\n\n\n\n<p class=\"has-text-align-center\" style=\"font-size:18px\"><strong>3. MODERNER Mietwagenflotte. <\/strong><br>Neue Mietautos, die Sie \u00fcberall hinbringen. Denn wir glauben, dass Qualit\u00e4t nicht im Widerspruch zum Preis stehen muss.<\/p>\n\n\n\n<p class=\"has-text-align-center\" style=\"font-size:18px\"><strong>4. Sie w\u00e4hlen die VERSICHERUNG f\u00fcr Ihren Mietwagen auf Mallorca. <\/strong><br>W\u00e4hlen Sie Vollkasko ohne Selbstbeteiligung oder Versicherung f\u00fcr R\u00e4der und Scheiben. Einen Mietwagen zu buchen war noch nie so einfach!<\/p>\n\n\n\n<p class=\"has-text-align-center\" style=\"font-size:18px\"><strong>5. HASSO, <\/strong>Mietgarantie<strong>. <\/strong><br>Unser Unternehmen verf\u00fcgt \u00fcber mehr als 50 Jahre Erfahrung im Bereich der <strong>Autovermietung am Flughafen Mallorca<\/strong>.<\/p>\n\n\n\n<div style=\"height:40px\" aria-hidden=\"true\" class=\"wp-block-spacer\"><\/div>\n\n\n\n<div class=\"wp-block-group is-layout-flow wp-block-group-is-layout-flow\"><\/div>\n","protected":false},"excerpt":{"rendered":"<p>Mietwagenangebote auf Mallorca \u2014 HASSO Rent a Car \u2014 Autovermietung auf Mallorca zum besten preis Hasso Rent a Car ist ein f\u00fchrendes Unternehmen im Bereich der Autovermietung auf Mallorca, mit mehr als 60 Jahren Erfahrung in diesem Sektor. Wir setzen uns t\u00e4glich daf\u00fcr ein, den besten Mietwagenservice in Palma de Mallorca zu bieten, indem wir &hellip; <a href=\"https:\/\/www.hasso-rentacar.com\/de\/vorteile\/\">Fortgesetzt<\/a><\/p>\n","protected":false},"author":9,"featured_media":0,"parent":0,"menu_order":0,"comment_status":"closed","ping_status":"closed","template":"","meta":{"footnotes":""},"class_list":["post-488","page","type-page","status-publish","hentry"],"yoast_head":"<!-- This site is optimized with the Yoast SEO plugin v27.5 - https:\/\/yoast.com\/product\/yoast-seo-wordpress\/ -->\n<title>Autovermietungsangebote auf Mallorca | Hasso Rent a Car<\/title>\n<meta name=\"description\" content=\"Finden Sie den besten Preis f\u00fcr Ihre Autovermietung in Palma de Mallorca | Autovermietungsangebote auf Mallorca | Hasso Rent a Car.\" \/>\n<meta name=\"robots\" content=\"index, follow, max-snippet:-1, max-image-preview:large, max-video-preview:-1\" \/>\n<link rel=\"canonical\" href=\"https:\/\/www.hasso-rentacar.com\/de\/vorteile\/\" \/>\n<meta property=\"og:locale\" content=\"de_DE\" \/>\n<meta property=\"og:type\" content=\"article\" \/>\n<meta property=\"og:title\" content=\"Autovermietungsangebote auf Mallorca | Hasso Rent a Car\" \/>\n<meta property=\"og:description\" content=\"Finden Sie den besten Preis f\u00fcr Ihre Autovermietung in Palma de Mallorca | Autovermietungsangebote auf Mallorca | Hasso Rent a Car.\" \/>\n<meta property=\"og:url\" content=\"https:\/\/www.hasso-rentacar.com\/de\/vorteile\/\" \/>\n<meta property=\"og:site_name\" content=\"Hasso Rentacar\" \/>\n<meta property=\"article:modified_time\" content=\"2024-02-19T13:03:41+00:00\" \/>\n<meta property=\"og:image\" content=\"https:\/\/www.hasso-rentacar.com\/wp-content\/uploads\/2020\/04\/Group-202.svg\" \/>\n<meta name=\"twitter:card\" content=\"summary_large_image\" \/>\n<meta name=\"twitter:label1\" content=\"Est. reading time\" \/>\n\t<meta name=\"twitter:data1\" content=\"5 minutes\" \/>\n<script type=\"application\/ld+json\" class=\"yoast-schema-graph\">{\"@context\":\"https:\\\/\\\/schema.org\",\"@graph\":[{\"@type\":\"WebPage\",\"@id\":\"https:\\\/\\\/www.hasso-rentacar.com\\\/de\\\/vorteile\\\/\",\"url\":\"https:\\\/\\\/www.hasso-rentacar.com\\\/de\\\/vorteile\\\/\",\"name\":\"Autovermietungsangebote auf Mallorca | Hasso Rent a Car\",\"isPartOf\":{\"@id\":\"https:\\\/\\\/www.hasso-rentacar.com\\\/#website\"},\"primaryImageOfPage\":{\"@id\":\"https:\\\/\\\/www.hasso-rentacar.com\\\/de\\\/vorteile\\\/#primaryimage\"},\"image\":{\"@id\":\"https:\\\/\\\/www.hasso-rentacar.com\\\/de\\\/vorteile\\\/#primaryimage\"},\"thumbnailUrl\":\"https:\\\/\\\/www.hasso-rentacar.com\\\/wp-content\\\/uploads\\\/2020\\\/04\\\/Group-202.svg\",\"datePublished\":\"2020-04-02T10:52:50+00:00\",\"dateModified\":\"2024-02-19T13:03:41+00:00\",\"description\":\"Finden Sie den besten Preis f\u00fcr Ihre Autovermietung in Palma de Mallorca | Autovermietungsangebote auf Mallorca | Hasso Rent a Car.\",\"breadcrumb\":{\"@id\":\"https:\\\/\\\/www.hasso-rentacar.com\\\/de\\\/vorteile\\\/#breadcrumb\"},\"inLanguage\":\"de-DE\",\"potentialAction\":[{\"@type\":\"ReadAction\",\"target\":[\"https:\\\/\\\/www.hasso-rentacar.com\\\/de\\\/vorteile\\\/\"]}]},{\"@type\":\"ImageObject\",\"inLanguage\":\"de-DE\",\"@id\":\"https:\\\/\\\/www.hasso-rentacar.com\\\/de\\\/vorteile\\\/#primaryimage\",\"url\":\"https:\\\/\\\/www.hasso-rentacar.com\\\/wp-content\\\/uploads\\\/2020\\\/04\\\/Group-202.svg\",\"contentUrl\":\"https:\\\/\\\/www.hasso-rentacar.com\\\/wp-content\\\/uploads\\\/2020\\\/04\\\/Group-202.svg\"},{\"@type\":\"BreadcrumbList\",\"@id\":\"https:\\\/\\\/www.hasso-rentacar.com\\\/de\\\/vorteile\\\/#breadcrumb\",\"itemListElement\":[{\"@type\":\"ListItem\",\"position\":1,\"name\":\"Home\",\"item\":\"https:\\\/\\\/www.hasso-rentacar.com\\\/de\\\/home\\\/\"},{\"@type\":\"ListItem\",\"position\":2,\"name\":\"Warum Hasso?\"}]},{\"@type\":\"WebSite\",\"@id\":\"https:\\\/\\\/www.hasso-rentacar.com\\\/#website\",\"url\":\"https:\\\/\\\/www.hasso-rentacar.com\\\/\",\"name\":\"Hasso Rentacar\",\"description\":\"\",\"potentialAction\":[{\"@type\":\"SearchAction\",\"target\":{\"@type\":\"EntryPoint\",\"urlTemplate\":\"https:\\\/\\\/www.hasso-rentacar.com\\\/?s={search_term_string}\"},\"query-input\":{\"@type\":\"PropertyValueSpecification\",\"valueRequired\":true,\"valueName\":\"search_term_string\"}}],\"inLanguage\":\"de-DE\"}]}<\/script>\n<!-- \/ Yoast SEO plugin. -->","yoast_head_json":{"title":"Autovermietungsangebote auf Mallorca | Hasso Rent a Car","description":"Finden Sie den besten Preis f\u00fcr Ihre Autovermietung in Palma de Mallorca | Autovermietungsangebote auf Mallorca | Hasso Rent a Car.","robots":{"index":"index","follow":"follow","max-snippet":"max-snippet:-1","max-image-preview":"max-image-preview:large","max-video-preview":"max-video-preview:-1"},"canonical":"https:\/\/www.hasso-rentacar.com\/de\/vorteile\/","og_locale":"de_DE","og_type":"article","og_title":"Autovermietungsangebote auf Mallorca | Hasso Rent a Car","og_description":"Finden Sie den besten Preis f\u00fcr Ihre Autovermietung in Palma de Mallorca | Autovermietungsangebote auf Mallorca | Hasso Rent a Car.","og_url":"https:\/\/www.hasso-rentacar.com\/de\/vorteile\/","og_site_name":"Hasso Rentacar","article_modified_time":"2024-02-19T13:03:41+00:00","og_image":[{"url":"https:\/\/www.hasso-rentacar.com\/wp-content\/uploads\/2020\/04\/Group-202.svg","type":"","width":"","height":""}],"twitter_card":"summary_large_image","twitter_misc":{"Est. reading time":"5 minutes"},"schema":{"@context":"https:\/\/schema.org","@graph":[{"@type":"WebPage","@id":"https:\/\/www.hasso-rentacar.com\/de\/vorteile\/","url":"https:\/\/www.hasso-rentacar.com\/de\/vorteile\/","name":"Autovermietungsangebote auf Mallorca | Hasso Rent a Car","isPartOf":{"@id":"https:\/\/www.hasso-rentacar.com\/#website"},"primaryImageOfPage":{"@id":"https:\/\/www.hasso-rentacar.com\/de\/vorteile\/#primaryimage"},"image":{"@id":"https:\/\/www.hasso-rentacar.com\/de\/vorteile\/#primaryimage"},"thumbnailUrl":"https:\/\/www.hasso-rentacar.com\/wp-content\/uploads\/2020\/04\/Group-202.svg","datePublished":"2020-04-02T10:52:50+00:00","dateModified":"2024-02-19T13:03:41+00:00","description":"Finden Sie den besten Preis f\u00fcr Ihre Autovermietung in Palma de Mallorca | Autovermietungsangebote auf Mallorca | Hasso Rent a Car.","breadcrumb":{"@id":"https:\/\/www.hasso-rentacar.com\/de\/vorteile\/#breadcrumb"},"inLanguage":"de-DE","potentialAction":[{"@type":"ReadAction","target":["https:\/\/www.hasso-rentacar.com\/de\/vorteile\/"]}]},{"@type":"ImageObject","inLanguage":"de-DE","@id":"https:\/\/www.hasso-rentacar.com\/de\/vorteile\/#primaryimage","url":"https:\/\/www.hasso-rentacar.com\/wp-content\/uploads\/2020\/04\/Group-202.svg","contentUrl":"https:\/\/www.hasso-rentacar.com\/wp-content\/uploads\/2020\/04\/Group-202.svg"},{"@type":"BreadcrumbList","@id":"https:\/\/www.hasso-rentacar.com\/de\/vorteile\/#breadcrumb","itemListElement":[{"@type":"ListItem","position":1,"name":"Home","item":"https:\/\/www.hasso-rentacar.com\/de\/home\/"},{"@type":"ListItem","position":2,"name":"Warum Hasso?"}]},{"@type":"WebSite","@id":"https:\/\/www.hasso-rentacar.com\/#website","url":"https:\/\/www.hasso-rentacar.com\/","name":"Hasso Rentacar","description":"","potentialAction":[{"@type":"SearchAction","target":{"@type":"EntryPoint","urlTemplate":"https:\/\/www.hasso-rentacar.com\/?s={search_term_string}"},"query-input":{"@type":"PropertyValueSpecification","valueRequired":true,"valueName":"search_term_string"}}],"inLanguage":"de-DE"}]}},"_links":{"self":[{"href":"https:\/\/www.hasso-rentacar.com\/de\/wp-json\/wp\/v2\/pages\/488","targetHints":{"allow":["GET"]}}],"collection":[{"href":"https:\/\/www.hasso-rentacar.com\/de\/wp-json\/wp\/v2\/pages"}],"about":[{"href":"https:\/\/www.hasso-rentacar.com\/de\/wp-json\/wp\/v2\/types\/page"}],"author":[{"embeddable":true,"href":"https:\/\/www.hasso-rentacar.com\/de\/wp-json\/wp\/v2\/users\/9"}],"replies":[{"embeddable":true,"href":"https:\/\/www.hasso-rentacar.com\/de\/wp-json\/wp\/v2\/comments?post=488"}],"version-history":[{"count":16,"href":"https:\/\/www.hasso-rentacar.com\/de\/wp-json\/wp\/v2\/pages\/488\/revisions"}],"predecessor-version":[{"id":3565,"href":"https:\/\/www.hasso-rentacar.com\/de\/wp-json\/wp\/v2\/pages\/488\/revisions\/3565"}],"wp:attachment":[{"href":"https:\/\/www.hasso-rentacar.com\/de\/wp-json\/wp\/v2\/media?parent=488"}],"curies":[{"name":"wp","href":"https:\/\/api.w.org\/{rel}","templated":true}]}}